{"id":4562,"date":"2017-11-23T08:15:20","date_gmt":"2017-11-23T08:15:20","guid":{"rendered":"http:\/\/www.schmidt-energiesysteme.de\/?page_id=4562"},"modified":"2019-11-19T09:09:08","modified_gmt":"2019-11-19T09:09:08","slug":"varta-storage-produkte","status":"publish","type":"page","link":"https:\/\/schmidt-energiesysteme.de\/index.php\/varta-storage-produkte\/","title":{"rendered":"VARTA Storage Produkte"},"content":{"rendered":"\n<style type=\"text\/css\" data-created_by=\"avia_inline_auto\" id=\"style-css-av-12fgu76-91ae95fe2590bbf9a74c06a657ff5fd7\">\n#top .av_textblock_section.av-12fgu76-91ae95fe2590bbf9a74c06a657ff5fd7 .avia_textblock{\nfont-size:18px;\n}\n<\/style>\n<section  class='av_textblock_section av-12fgu76-91ae95fe2590bbf9a74c06a657ff5fd7' ><div class='avia_textblock' ><h2 style=\"text-align: center;\"><strong>VARTA Storage Produkte<br \/>\n<\/strong><\/h2>\n<\/div><\/section>\n<div  class='hr av-115f69u-f12b4bc9731dde319c91c3c6e0d1897f hr-default  avia-builder-el-1  el_after_av_textblock  el_before_av_one_half '><span class='hr-inner '><span class=\"hr-inner-style\"><\/span><\/span><\/div>\n\n<style type=\"text\/css\" data-created_by=\"avia_inline_auto\" id=\"style-css-av-ywei9u-01db34761f6fd4da16073236fb85ceb2\">\n.flex_column.av-ywei9u-01db34761f6fd4da16073236fb85ceb2{\n-webkit-border-radius:0px 0px 0px 0px;\n-moz-border-radius:0px 0px 0px 0px;\nborder-radius:0px 0px 0px 0px;\npadding:0px 0px 0px 0px;\n}\n<\/style>\n<div class='flex_column av-ywei9u-01db34761f6fd4da16073236fb85ceb2 av_one_half  avia-builder-el-2  el_after_av_hr  el_before_av_one_half  first flex_column_div av-zero-column-padding '     ><style type=\"text\/css\" data-created_by=\"avia_inline_auto\" id=\"style-css-av-xi2b2q-cc57b169be0cf31841ab1b5008de9d8f\">\n#top .av_textblock_section.av-xi2b2q-cc57b169be0cf31841ab1b5008de9d8f .avia_textblock{\nfont-size:11px;\n}\n<\/style>\n<section  class='av_textblock_section av-xi2b2q-cc57b169be0cf31841ab1b5008de9d8f' ><div class='avia_textblock' ><h3>VARTA pulse \/ pulse neo<\/h3>\n<p>Perfekt f\u00fcr alle, die in der Eigentumswohnung oder einem Einfamilienhaus h\u00f6chste Energiedichte platzsparend b\u00fcndeln m\u00f6chten. Erh\u00e4ltlich in zwei Leistungsklassen (3,3 kWh und 6,5 kWh), \u00fcberzeugt dieses Modell nicht nur durch seine Sicherheit und Zuverl\u00e4ssigkeit, es kann auch einfach an der Wand befestigt werden. In nur 30 Minuten ist unser Wandspeicher dank Plug-and-Play installiert. Ein weiteres Plus ist zudem der niedrige Verbrauch im Standby Modus und die schnelle Regelgeschwindigkeit.<\/p>\n<p>Der VARTA pulse ist jetzt auch in der \u201eneo\u201c-Variante verf\u00fcgbar. Dank des flexibel erweiterbaren Betriebssystems VS-XMS ist VARTA pulse neo f\u00fcr s\u00e4mtliche zuk\u00fcnftige Anforderungen bereit. Neben der direkten Interaktion mit verschiedensten Endger\u00e4ten ist auch eine produkt\u00fcbergreifende Kaskadierung m\u00f6glich \u2013 und das ohne zus\u00e4tzliche Hardware!<\/p>\n<div class=\" full-width\">\n<div class=\"wpb_text_column vc_custom_1500624727198\">\n<div class=\"wpb_wrapper\"><strong>ALLGEMEINE DATEN<\/strong><\/div>\n<\/div>\n<div class=\"wpb_text_column infotable\">\n<div class=\"wpb_wrapper\">\n<table>\n<tbody>\n<tr>\n<th>Daten<\/th>\n<th><\/th>\n<\/tr>\n<tr>\n<td>Elektrochemie Zelle<\/td>\n<td>Lithium-Nickel-Mangan-Kobaltoxid<\/td>\n<\/tr>\n<tr>\n<td>Netzanschluss<\/td>\n<td>230 V AC, 1-phasig, 50 Hz<\/td>\n<\/tr>\n<tr>\n<td>Systemgarantie*<\/td>\n<td>7 Jahre Instandsetzungsgarantie<\/td>\n<\/tr>\n<tr>\n<td>Garantie auf Batteriezellen<\/td>\n<td>10 Jahre oder 4.000 Zyklen**<\/td>\n<\/tr>\n<tr>\n<td>Steuerung, \u00dcberwachung, Monitoring<\/td>\n<td>PC, Tablet, Smartphone<\/td>\n<\/tr>\n<\/tbody>\n<\/table>\n<\/div>\n<\/div>\n<div class=\"wpb_text_column tabcontent\">\n<div class=\"wpb_wrapper\">\n<p>* gem\u00e4\u00df den Bedingungen der \u201eHerstellergarantie\u201c (abrufbar unter <a href=\"https:\/\/www.varta-storage.com\/service\/downloads\/\">DOWNLOADS<\/a>)<br \/>\n** Erwartete Restkapazit\u00e4t: 80%<\/p>\n<\/div>\n<\/div>\n<div class=\"wpb_text_column vc_custom_1500625358686\">\n<div class=\"wpb_wrapper\"><strong>SYSTEMDATEN<\/strong><\/div>\n<\/div>\n<div class=\"wpb_text_column infotable\">\n<div class=\"wpb_wrapper\">\n<table>\n<tbody>\n<tr>\n<th><\/th>\n<th>PULSE 3<\/th>\n<th>PULSE 6<\/th>\n<\/tr>\n<tr>\n<td>Nominale Batteriekapazit\u00e4t<\/td>\n<td>3,3 kWh<\/td>\n<td>6,5 kWh<\/td>\n<\/tr>\n<tr>\n<td>Max. AC-Leistung (Laden \/ Entladen)<\/td>\n<td>1,8 \/ 1,6 kW<\/td>\n<td>2,5 \/ 2,3 kW<\/td>\n<\/tr>\n<tr>\n<td>Ma\u00dfe (B x H x T) in mm<\/td>\n<td>600 x 690 x 190<\/td>\n<td>600 x 690 x 190<\/td>\n<\/tr>\n<tr>\n<td>Gewicht System<\/td>\n<td>45 kg<\/td>\n<td>65 kg<\/td>\n<\/tr>\n<\/tbody>\n<\/table>\n<\/div>\n<\/div>\n<\/div>\n<\/div><\/section><\/div>\n\n<style type=\"text\/css\" data-created_by=\"avia_inline_auto\" id=\"style-css-av-vmk6ia-e4bb14df3dbe32ecb08a516927fec74b\">\n.flex_column.av-vmk6ia-e4bb14df3dbe32ecb08a516927fec74b{\n-webkit-border-radius:0px 0px 0px 0px;\n-moz-border-radius:0px 0px 0px 0px;\nborder-radius:0px 0px 0px 0px;\npadding:0px 0px 0px 0px;\n}\n<\/style>\n<div class='flex_column av-vmk6ia-e4bb14df3dbe32ecb08a516927fec74b av_one_half  avia-builder-el-4  el_after_av_one_half  el_before_av_hr  flex_column_div av-zero-column-padding '     ><section  class='av_textblock_section av-v2wvjm-0be66b2ee1064987cc54069a5f32738a' ><div class='avia_textblock' ><h3>VARTA pulse \/ pulse neo<\/h3>\n<h4 style=\"text-align: right;\"><strong>\u00a0<\/strong><\/h4>\n<\/div><\/section><br \/>\n\n<style type=\"text\/css\" data-created_by=\"avia_inline_auto\" id=\"style-css-av-sb6k02-d0690c283617780846a0ee7283688b05\">\n.avia-image-container.av-sb6k02-d0690c283617780846a0ee7283688b05 img.avia_image{\nbox-shadow:none;\n}\n.avia-image-container.av-sb6k02-d0690c283617780846a0ee7283688b05 .av-image-caption-overlay-center{\ncolor:#ffffff;\n}\n<\/style>\n<div  class='avia-image-container av-sb6k02-d0690c283617780846a0ee7283688b05 av-styling- avia-align-center  avia-builder-el-6  el_after_av_textblock  el_before_av_image '  ><div class=\"avia-image-container-inner\"><div class=\"avia-image-overlay-wrap\"><img class='wp-image-5051 avia-img-lazy-loading-not-5051 avia_image ' src='https:\/\/schmidt-energiesysteme.de\/wp-content\/uploads\/2019\/11\/pulse-und-pulse-neo_front_hp-1024x905-300x265.jpg' alt='' title='pulse-und-pulse-neo_front_hp-1024x905'  height=\"265\" width=\"300\"  \/><\/div><\/div><\/div><br \/>\n\n<style type=\"text\/css\" data-created_by=\"avia_inline_auto\" id=\"style-css-av-s22u5u-d1cff403de061e322811a4f46debad18\">\n.avia-image-container.av-s22u5u-d1cff403de061e322811a4f46debad18 img.avia_image{\nbox-shadow:none;\n}\n.avia-image-container.av-s22u5u-d1cff403de061e322811a4f46debad18 .av-image-caption-overlay-center{\ncolor:#ffffff;\n}\n<\/style>\n<div  class='avia-image-container av-s22u5u-d1cff403de061e322811a4f46debad18 av-styling- av-hover-grow avia-align-center  avia-builder-el-7  el_after_av_image  avia-builder-el-last '  ><div class=\"avia-image-container-inner\"><div class=\"avia-image-overlay-wrap\"><img class='wp-image- avia-img-lazy-loading-not- avia_image ' src='http:\/\/www.schmidt-energiesysteme.de\/wp-content\/uploads\/2017\/11\/pulse_2S-280x300.png' alt='' title=''   \/><\/div><\/div><\/div><\/p><\/div>\n<div  class='hr av-qc2jia-94a6b63ddb92bb6d47b0bbdcae6248ff hr-default  avia-builder-el-8  el_after_av_one_half  el_before_av_one_half '><span class='hr-inner '><span class=\"hr-inner-style\"><\/span><\/span><\/div>\n\n<style type=\"text\/css\" data-created_by=\"avia_inline_auto\" id=\"style-css-av-nsv5ci-1553b45b9e54d87398404fc3ada2b702\">\n.flex_column.av-nsv5ci-1553b45b9e54d87398404fc3ada2b702{\n-webkit-border-radius:0px 0px 0px 0px;\n-moz-border-radius:0px 0px 0px 0px;\nborder-radius:0px 0px 0px 0px;\npadding:0px 0px 0px 0px;\n}\n<\/style>\n<div class='flex_column av-nsv5ci-1553b45b9e54d87398404fc3ada2b702 av_one_half  avia-builder-el-9  el_after_av_hr  el_before_av_one_half  first flex_column_div av-zero-column-padding '     ><section  class='av_textblock_section av-lxrt6q-ebddb26dfb7654c570afe858c234331c' ><div class='avia_textblock' ><h4><strong>VARTA element\u00a0 6, 9, 12<br \/>\n<\/strong><\/h4>\n<\/div><\/section><br \/>\n\n<style type=\"text\/css\" data-created_by=\"avia_inline_auto\" id=\"style-css-av-22n7mq-b0286feb58a68e79de1bd89047bd2164\">\n.avia-image-container.av-22n7mq-b0286feb58a68e79de1bd89047bd2164 img.avia_image{\nbox-shadow:none;\n}\n.avia-image-container.av-22n7mq-b0286feb58a68e79de1bd89047bd2164 .av-image-caption-overlay-center{\ncolor:#ffffff;\n}\n<\/style>\n<div  class='avia-image-container av-22n7mq-b0286feb58a68e79de1bd89047bd2164 av-styling- avia-align-center  avia-builder-el-11  el_after_av_textblock  avia-builder-el-last '  ><div class=\"avia-image-container-inner\"><div class=\"avia-image-overlay-wrap\"><img class='wp-image-4585 avia-img-lazy-loading-not-4585 avia_image ' src='https:\/\/schmidt-energiesysteme.de\/wp-content\/uploads\/2017\/11\/element-236x300.png' alt='' title='element'  height=\"300\" width=\"236\"  \/><\/div><\/div><\/div><\/p><\/div>\n<style type=\"text\/css\" data-created_by=\"avia_inline_auto\" id=\"style-css-av-1wivj6-f3cf89e12a71cf2b44859bdda081f21c\">\n.flex_column.av-1wivj6-f3cf89e12a71cf2b44859bdda081f21c{\n-webkit-border-radius:0px 0px 0px 0px;\n-moz-border-radius:0px 0px 0px 0px;\nborder-radius:0px 0px 0px 0px;\npadding:0px 0px 0px 0px;\n}\n<\/style>\n<div class='flex_column av-1wivj6-f3cf89e12a71cf2b44859bdda081f21c av_one_half  avia-builder-el-12  el_after_av_one_half  el_before_av_hr  flex_column_div av-zero-column-padding '     ><style type=\"text\/css\" data-created_by=\"avia_inline_auto\" id=\"style-css-av-hbzg2q-430b3e8e8cc81ca1ca22751cff10f60f\">\n#top .av_textblock_section.av-hbzg2q-430b3e8e8cc81ca1ca22751cff10f60f .avia_textblock{\nfont-size:11px;\n}\n<\/style>\n<section  class='av_textblock_section av-hbzg2q-430b3e8e8cc81ca1ca22751cff10f60f' ><div class='avia_textblock' ><section class=\"l-section wpb_row height_small\">\n<div class=\"l-section-h g-html i-cf\">\n<div class=\"g-cols offset_small\">\n<div class=\" one-half\">\n<div class=\"wpb_text_column vc_custom_1500624749622\">\n<div>\n<div class=\"wpb_text_column \">\n<div class=\"wpb_wrapper\">\n<h3>VARTA element<\/h3>\n<\/div>\n<\/div>\n<div class=\"wpb_text_column \">\n<div class=\"wpb_wrapper\">\n<p>Wer sich den Wunsch vom eigenen Haus erf\u00fcllt hat, m\u00f6chte auch beim Thema Energie eine sichere und durchdachte L\u00f6sung, deren Preis sich rechnet. Hier kommt der VARTA element als kompakte Komplettl\u00f6sung genau richtig.<\/p>\n<p>Dieses Komplettsystem mit Wechselrichter l\u00e4sst sich einfach installieren und bietet Spitzenqualit\u00e4t zu einem attraktiven Preis. Erh\u00e4ltlich in drei Leistungskapazit\u00e4ten (6,5 kWh \/ 9,8 kWh \/ 13,0 kWh; element 6 ist zus\u00e4tzlich erweiterbar), ist dieses Energiespeichermodell langlebig und sicher und passt so \u00fcberall perfekt ins Haus.<\/p>\n<p><strong>LITHIUM-IONEN<\/strong><br \/>\nDer VARTA element verf\u00fcgt \u00fcber hochwertige Lithium-Ionen-Zellen, die sich ohne Memory-Effekt schnell laden und entladen: ideal f\u00fcr eine hohe Eigenverbrauchsquote und Wirtschaftlichkeit. Damit zu Hause alles im gr\u00fcnen Bereich ist.<\/p>\n<\/div>\n<\/div>\n<\/div>\n<div><\/div>\n<div><\/div>\n<div class=\"wpb_wrapper\"><strong>EIGENSCHAFTEN<\/strong><\/div>\n<\/div>\n<div class=\"uavc-list-icon homeliststyle\">\n<ul class=\"uavc-list\">\n<li>\n<div class=\"uavc-list-content\">\n<div class=\"uavc-list-icon \" data-animation=\"\" data-animation-delay=\"03\">\n<div class=\"ult-just-icon-wrapper \"><\/div>\n<\/div>\n<p><span class=\"uavc-list-desc\">Komplettsystem \u2013 Batteriewechselrichter integriert<\/span><\/p>\n<\/div>\n<\/li>\n<li>\n<div class=\"uavc-list-content\">\n<div class=\"uavc-list-icon \" data-animation=\"\" data-animation-delay=\"03\">\n<div class=\"ult-just-icon-wrapper \"><\/div>\n<\/div>\n<p><span class=\"uavc-list-desc\">Plug &amp; Play \u2013 einfache und schnelle Installation: 1 Mann maximal 1 Stunde *<\/span><\/p>\n<\/div>\n<\/li>\n<li>\n<div class=\"uavc-list-content\">\n<div class=\"uavc-list-icon \" data-animation=\"\" data-animation-delay=\"03\">\n<div class=\"ult-just-icon-wrapper \"><\/div>\n<\/div>\n<p><span class=\"uavc-list-desc\">sehr schnelle Regelgeschwindigkeit<\/span><\/p>\n<\/div>\n<\/li>\n<li>\n<div class=\"uavc-list-content\">\n<div class=\"uavc-list-icon \" data-animation=\"\" data-animation-delay=\"03\">\n<div class=\"ult-just-icon-wrapper \"><\/div>\n<\/div>\n<p><span class=\"uavc-list-desc\">Maximale Unabh\u00e4ngigkeit \u2013 Erh\u00f6hung des Eigenverbrauchs Ihrer PV-Anlage<\/span><\/p>\n<\/div>\n<\/li>\n<li>\n<div class=\"uavc-list-content\">\n<div class=\"uavc-list-icon \" data-animation=\"\" data-animation-delay=\"03\">\n<div class=\"ult-just-icon-wrapper \"><\/div>\n<\/div>\n<p><span class=\"uavc-list-desc\">In drei unterschiedlichen Kapazit\u00e4ten \u2013 passend zu Ihrem Bedarf<\/span><\/p>\n<\/div>\n<\/li>\n<li>\n<div class=\"uavc-list-content\">\n<div class=\"uavc-list-icon \" data-animation=\"\" data-animation-delay=\"03\">\n<div class=\"ult-just-icon-wrapper \"><\/div>\n<\/div>\n<p><span class=\"uavc-list-desc\">10 Jahre Garantie auf die Batterie<\/span><\/p>\n<\/div>\n<\/li>\n<\/ul>\n<\/div>\n<\/div>\n<div class=\" one-half\">\n<div class=\"wpb_text_column vc_custom_1500624727198\">\n<div class=\"wpb_wrapper\"><strong>ALLGEMEINE DATEN<\/strong><\/div>\n<\/div>\n<div class=\"wpb_text_column infotable\">\n<div class=\"wpb_wrapper\">\n<table>\n<tbody>\n<tr>\n<th><\/th>\n<th><\/th>\n<\/tr>\n<tr>\n<td>Elektrochemie Zelle<\/td>\n<td>Lithium-Nickel-Mangan-Kobaltoxid<\/td>\n<\/tr>\n<tr>\n<td>Netzanschluss<\/td>\n<td>400 V AC, 3-phasig, 50 Hz<\/td>\n<\/tr>\n<tr>\n<td>Systemgarantie*<\/td>\n<td>7 Jahre Instandsetzungsgarantie<\/td>\n<\/tr>\n<tr>\n<td>Garantie auf Batteriezellen<\/td>\n<td>10 Jahre oder 4.000 Zyklen**<\/td>\n<\/tr>\n<tr>\n<td>Steuerung, \u00dcberwachung, Monitoring<\/td>\n<td>PC, Tablet, Smartphone<\/td>\n<\/tr>\n<\/tbody>\n<\/table>\n<\/div>\n<\/div>\n<div class=\"wpb_text_column tabcontent\">\n<div class=\"wpb_wrapper\">\n<p>* gem\u00e4\u00df den Bedingungen der \u201eHerstellergarantie\u201c (abrufbar unter <a href=\"https:\/\/www.varta-storage.com\/service\/downloads\/\">DOWNLOADS<\/a>)<br \/>\n** Erwartete Restkapazit\u00e4t: 80%<\/p>\n<\/div>\n<\/div>\n<\/div>\n<\/div>\n<\/div>\n<\/section>\n<section class=\"l-section wpb_row height_auto\">\n<div class=\"l-section-h g-html i-cf\">\n<div class=\"g-cols offset_small\">\n<div class=\" full-width\">\n<div class=\"wpb_text_column vc_custom_1500625358686\">\n<div class=\"wpb_wrapper\"><strong>SYSTEMDATEN<\/strong><\/div>\n<\/div>\n<div class=\"wpb_text_column infotable\">\n<div class=\"wpb_wrapper\">\n<table>\n<tbody>\n<tr>\n<th><\/th>\n<th>ELEMENT 6<\/th>\n<th>ELEMENT 9<\/th>\n<th>ELEMENT 12<\/th>\n<\/tr>\n<tr>\n<td>Nominale Batteriekapazit\u00e4t<\/td>\n<td>6,5 kWh<\/td>\n<td>9,8 kWh<\/td>\n<td>13,0 kWh<\/td>\n<\/tr>\n<tr>\n<td>Max. AC-Leistung (Laden \/ Entladen)<\/td>\n<td>2,2 \/ 1,8 kW<\/td>\n<td>3,4 \/ 3,0 kW<\/td>\n<td>4,0 \/ 3,7 kW<\/td>\n<\/tr>\n<tr>\n<td>Ma\u00dfe (B x H x T) in mm<\/td>\n<td>600 x 1.176 x 500<\/td>\n<td>600 x 1.176 x 500<\/td>\n<td>600 x 1.176 x 500<\/td>\n<\/tr>\n<tr>\n<td>Gewicht System<\/td>\n<td>145 kg<\/td>\n<td>185 kg<\/td>\n<td>225 kg<\/td>\n<\/tr>\n<\/tbody>\n<\/table>\n<\/div>\n<\/div>\n<div class=\"vc_empty_space\"><\/div>\n<\/div>\n<\/div>\n<\/div>\n<\/section>\n<section class=\"l-section wpb_row height_auto\">\n<div class=\"l-section-h g-html i-cf\">\n<div class=\"g-cols offset_small\">\n<div class=\" full-width\">\n<div class=\"wpb_text_column vc_custom_1500641156347\">\n<div class=\"wpb_wrapper\"><strong>NACHR\u00dcSTSATZ<\/strong><\/div>\n<\/div>\n<div class=\"wpb_text_column infotable\">\n<div class=\"wpb_wrapper\">\n<p>Erweitern Sie Ihren VARTA element Energiespeicher je nach Bedarf! Ein Nachr\u00fcstsatz erm\u00f6glicht das Erweitern der Kapazit\u00e4t von 6 kWh auf eine Systemkapazit\u00e4t von 9 oder 12 kWh. Dies geschieht \u00fcber die Integration von einem zus\u00e4tzlichen Batteriemodule. Beim Upgrade von 6 kWh auf 9 kWh wird ein kleines Batteriemodul integriert, beim Upgrade von 6 kWh auf 12 kWh wird das gro\u00dfe Modul zus\u00e4tzlich verbaut.<\/p>\n<\/div>\n<\/div>\n<div class=\"uavc-list-icon homeliststyle\">\n<ul class=\"uavc-list\">\n<li>\n<div class=\"uavc-list-content\">\n<div class=\"uavc-list-icon \" data-animation=\"\" data-animation-delay=\"03\">\n<div class=\"ult-just-icon-wrapper \"><\/div>\n<\/div>\n<p><span class=\"uavc-list-desc\">Einfache Erweiterung der Kapazit\u00e4t<\/span><\/p>\n<\/div>\n<\/li>\n<li>\n<div class=\"uavc-list-content\">\n<div class=\"uavc-list-icon \" data-animation=\"\" data-animation-delay=\"03\">\n<div class=\"ult-just-icon-wrapper \"><\/div>\n<\/div>\n<p><span class=\"uavc-list-desc\">Schnelle und einfache Installation des Nachr\u00fcstsatzes<\/span><\/p>\n<\/div>\n<\/li>\n<li>\n<div class=\"uavc-list-content\">\n<div class=\"uavc-list-icon \" data-animation=\"\" data-animation-delay=\"03\">\n<div class=\"ult-just-icon-wrapper \"><\/div>\n<\/div>\n<p><span class=\"uavc-list-desc\">Anpassung des Energiespeichers an einen erh\u00f6hten Speicher-Bedarf<\/span><\/p>\n<\/div>\n<\/li>\n<\/ul>\n<\/div>\n<\/div>\n<\/div>\n<\/div>\n<\/section>\n<\/div><\/section><\/div><\/p>\n<div  class='hr av-f8o41u-d955d5ea99def89cf0d96d0a60f2a0fe hr-default  avia-builder-el-14  el_after_av_one_half  el_before_av_one_half '><span class='hr-inner '><span class=\"hr-inner-style\"><\/span><\/span><\/div>\n\n<style type=\"text\/css\" data-created_by=\"avia_inline_auto\" id=\"style-css-av-etwcj6-af9519bcc94d8b360197a37e1d1741b1\">\n.flex_column.av-etwcj6-af9519bcc94d8b360197a37e1d1741b1{\n-webkit-border-radius:0px 0px 0px 0px;\n-moz-border-radius:0px 0px 0px 0px;\nborder-radius:0px 0px 0px 0px;\npadding:0px 0px 0px 0px;\n}\n<\/style>\n<div class='flex_column av-etwcj6-af9519bcc94d8b360197a37e1d1741b1 av_one_half  avia-builder-el-15  el_after_av_hr  el_before_av_one_half  first flex_column_div av-zero-column-padding '     ><style type=\"text\/css\" data-created_by=\"avia_inline_auto\" id=\"style-css-av-ca63cy-b3339a9e2c64b81d691717205b44e8e2\">\n#top .av_textblock_section.av-ca63cy-b3339a9e2c64b81d691717205b44e8e2 .avia_textblock{\nfont-size:11px;\n}\n<\/style>\n<section  class='av_textblock_section av-ca63cy-b3339a9e2c64b81d691717205b44e8e2' ><div class='avia_textblock' ><h4><strong>F\u00fcr hohe Anspr\u00fcche<\/strong><\/h4>\n<p>one L und one XL bieten f\u00fcr jede Herausforderung die richtige Ausbaustufe &#8211; perfekt f\u00fcr alle, die auch bei der Energieversorgung ihrer Immobilie mehr erwarten. Ein Komplettsystem, das seinen Preis wert ist: als gute Investition in die Zukunft. Und als Zeichen von Unabh\u00e4ngigkeit.<\/p>\n<h4><strong>Notstromf\u00e4higkeit<\/strong><\/h4>\n<p>Im Falle eines Falles bieten one L und one XL einen Notstrombetrieb bei Netzausfall &#8211; zuverl\u00e4ssig und sicher.<\/p>\n<h4><strong>Modulares System<\/strong><\/h4>\n<p>one \u00fcberzeugt mit einem modularen Aufbau und ist damit hervorragend aufgestellt f\u00fcr die Zukunft: Einzelne Module k\u00f6nnen jederzeit einfach nachger\u00fcstet werden.<\/p>\n<section class=\"l-section wpb_row height_small\">\n<div class=\"l-section-h g-html i-cf\">\n<div class=\"g-cols offset_small\">\n<div class=\" one-half\">\n<div class=\"wpb_text_column vc_custom_1500624749622\">\n<div class=\"wpb_wrapper\"><strong>EIGENSCHAFTEN<\/strong><\/div>\n<\/div>\n<div class=\"uavc-list-icon homeliststyle\">\n<ul class=\"uavc-list\">\n<li>\n<div class=\"uavc-list-content\">\n<div class=\"uavc-list-icon \" data-animation=\"\" data-animation-delay=\"03\">\n<div class=\"ult-just-icon-wrapper \"><\/div>\n<\/div>\n<p><span class=\"uavc-list-desc\">Modularit\u00e4t \u2013 einzelne Module k\u00f6nnen jederzeit einfach nachger\u00fcstet werden<\/span><\/p>\n<\/div>\n<\/li>\n<li>\n<div class=\"uavc-list-content\">\n<div class=\"uavc-list-icon \" data-animation=\"\" data-animation-delay=\"03\">\n<div class=\"ult-just-icon-wrapper \"><\/div>\n<\/div>\n<p><span class=\"uavc-list-desc\">Kapazit\u00e4t l\u00e4sst sich in Schritten von 461Wh erweitern<\/span><\/p>\n<\/div>\n<\/li>\n<li>\n<div class=\"uavc-list-content\">\n<div class=\"uavc-list-icon \" data-animation=\"\" data-animation-delay=\"03\">\n<div class=\"ult-just-icon-wrapper \"><\/div>\n<\/div>\n<p><span class=\"uavc-list-desc\">Komplettsystem \u2013 Batteriewechselrichter integriert<\/span><\/p>\n<\/div>\n<\/li>\n<li>\n<div class=\"uavc-list-content\">\n<div class=\"uavc-list-icon \" data-animation=\"\" data-animation-delay=\"03\">\n<div class=\"ult-just-icon-wrapper \"><\/div>\n<\/div>\n<p><span class=\"uavc-list-desc\">Notstromf\u00e4higkeit<\/span><\/p>\n<\/div>\n<\/li>\n<li>\n<div class=\"uavc-list-content\">\n<div class=\"uavc-list-icon \" data-animation=\"\" data-animation-delay=\"03\">\n<div class=\"ult-just-icon-wrapper \"><\/div>\n<\/div>\n<p><span class=\"uavc-list-desc\">Maximale Unabh\u00e4ngigkeit \u2013 Erh\u00f6hung des Eigenverbrauchs<\/span><\/p>\n<\/div>\n<\/li>\n<\/ul>\n<\/div>\n<\/div>\n<div class=\" one-half\">\n<div class=\"wpb_text_column vc_custom_1500624727198\">\n<div class=\"wpb_wrapper\"><strong>ALLGEMEINE DATEN<\/strong><\/div>\n<\/div>\n<div class=\"wpb_text_column infotable\">\n<div class=\"wpb_wrapper\">\n<table>\n<tbody>\n<tr>\n<th><\/th>\n<th><\/th>\n<\/tr>\n<tr>\n<td>Elektrochemie Zelle<\/td>\n<td>Lithium-Eisenphosphat<\/td>\n<\/tr>\n<tr>\n<td>Netzanschluss<\/td>\n<td>400 V AC, 3-phasig<\/td>\n<\/tr>\n<tr>\n<td>Systemgarantie*<\/td>\n<td>7 Jahre Instandsetzungsgarantie<\/td>\n<\/tr>\n<tr>\n<td>Garantie auf Batteriezellen<\/td>\n<td>10 Jahre (unbegrenzte Zyklenzahl innerhalb 10 Jahren)**<\/td>\n<\/tr>\n<tr>\n<td>Steuerung, \u00dcberwachung, Monitoring<\/td>\n<td>PC, Tablet, Smartphone<\/td>\n<\/tr>\n<\/tbody>\n<\/table>\n<\/div>\n<\/div>\n<div class=\"wpb_text_column tabcontent\">\n<div class=\"wpb_wrapper\">\n<p>* gem\u00e4\u00df den Bedingungen der \u201eHerstellergarantie\u201c (abrufbar unter <a href=\"https:\/\/www.varta-storage.com\/service\/downloads\/\">DOWNLOADS<\/a>)<br \/>\n** Erwartete Restkapazit\u00e4t: 80%<\/p>\n<\/div>\n<\/div>\n<\/div>\n<\/div>\n<\/div>\n<\/section>\n<section class=\"l-section wpb_row height_auto\">\n<div class=\"l-section-h g-html i-cf\">\n<div class=\"g-cols offset_small\">\n<div class=\" full-width\">\n<div class=\"wpb_text_column vc_custom_1500625358686\">\n<div class=\"wpb_wrapper\"><strong>SYSTEMDATEN<\/strong><\/div>\n<\/div>\n<div class=\"wpb_text_column infotable\">\n<div class=\"wpb_wrapper\">\n<table>\n<tbody>\n<tr>\n<th><\/th>\n<th>ONE L<\/th>\n<th>ONE XL<\/th>\n<\/tr>\n<tr>\n<td>Nominale Batteriekapazit\u00e4t<\/td>\n<td>von 2,8 bis 6,9 kWh,<br \/>\nmodular erweiterbar<\/td>\n<td>von 3,7 bis 13, 8 kWh,<br \/>\nmodular erweiterbar<\/td>\n<\/tr>\n<tr>\n<td>Max. AC-Leistung (Laden \/ Entladen)<\/td>\n<td>\u00a02,4 (2,1 kW im Notstrombetrieb) \/ 2,0 kW*<\/td>\n<td>\u00a04,0 (4,0 kW im Notstrombetrieb) \/ 4,0 kW*<\/td>\n<\/tr>\n<tr>\n<td>Ma\u00dfe (B x H x T) in mm<\/td>\n<td>600 x 1.320 x 400<\/td>\n<td>600 x 1.850 x 400<\/td>\n<\/tr>\n<tr>\n<td>Gewicht System<\/td>\n<td>90 kg<\/td>\n<td>110 kg<\/td>\n<\/tr>\n<\/tbody>\n<\/table>\n<p>* abh\u00e4ngig von der Modulanzah<\/p>\n<\/div>\n<\/div>\n<\/div>\n<\/div>\n<\/div>\n<\/section>\n<\/div><\/section><\/div>\n\n<style type=\"text\/css\" data-created_by=\"avia_inline_auto\" id=\"style-css-av-ahshpu-2b7012f0e67be6d614628ea2e7814b6b\">\n.flex_column.av-ahshpu-2b7012f0e67be6d614628ea2e7814b6b{\n-webkit-border-radius:0px 0px 0px 0px;\n-moz-border-radius:0px 0px 0px 0px;\nborder-radius:0px 0px 0px 0px;\npadding:0px 0px 0px 0px;\n}\n<\/style>\n<div class='flex_column av-ahshpu-2b7012f0e67be6d614628ea2e7814b6b av_one_half  avia-builder-el-17  el_after_av_one_half  el_before_av_hr  flex_column_div av-zero-column-padding '     ><section  class='av_textblock_section av-9mzqle-4d9ebcee7c053965f6d83406798010d0' ><div class='avia_textblock' ><h4 style=\"text-align: right;\"><strong>VARTA one L \/ XL<br \/>\n<\/strong><\/h4>\n<\/div><\/section><br \/>\n\n<style type=\"text\/css\" data-created_by=\"avia_inline_auto\" id=\"style-css-av-qve1u-ec640746d7e68195fef2e2a87e7fe532\">\n.avia-image-container.av-qve1u-ec640746d7e68195fef2e2a87e7fe532 img.avia_image{\nbox-shadow:none;\n}\n.avia-image-container.av-qve1u-ec640746d7e68195fef2e2a87e7fe532 .av-image-caption-overlay-center{\ncolor:#ffffff;\n}\n<\/style>\n<div  class='avia-image-container av-qve1u-ec640746d7e68195fef2e2a87e7fe532 av-styling- avia-align-center  avia-builder-el-19  el_after_av_textblock  el_before_av_image '  ><div class=\"avia-image-container-inner\"><div class=\"avia-image-overlay-wrap\"><img class='wp-image-4591 avia-img-lazy-loading-not-4591 avia_image ' src='https:\/\/schmidt-energiesysteme.de\/wp-content\/uploads\/2017\/11\/onexl_l-300x263.png' alt='' title='onexl_l'  height=\"263\" width=\"300\"  \/><\/div><\/div><\/div><br \/>\n\n<style type=\"text\/css\" data-created_by=\"avia_inline_auto\" id=\"style-css-av-61qbg2-556adee4bd944fba528bc2de60c06240\">\n.avia-image-container.av-61qbg2-556adee4bd944fba528bc2de60c06240 img.avia_image{\nbox-shadow:none;\n}\n.avia-image-container.av-61qbg2-556adee4bd944fba528bc2de60c06240 .av-image-caption-overlay-center{\ncolor:#ffffff;\n}\n<\/style>\n<div  class='avia-image-container av-61qbg2-556adee4bd944fba528bc2de60c06240 av-styling- av-hover-grow avia-align-center  avia-builder-el-20  el_after_av_image  avia-builder-el-last '  ><div class=\"avia-image-container-inner\"><div class=\"avia-image-overlay-wrap\"><img class='wp-image- avia-img-lazy-loading-not- avia_image ' src='http:\/\/www.schmidt-energiesysteme.de\/wp-content\/uploads\/2017\/11\/onel_2S-201x300.png' alt='' title=''   \/><\/div><\/div><\/div><\/p><\/div>\n<div  class='hr av-dl7jm-e06d43b356ce56f2a162abddf6076d76 hr-default  avia-builder-el-21  el_after_av_one_half  el_before_av_promobox '><span class='hr-inner '><span class=\"hr-inner-style\"><\/span><\/span><\/div>\n<div  class='av_promobox av-38j9r6-2ce480ffbd2df71d2a69289d7eb9a890 avia-button-yes  avia-builder-el-22  el_after_av_hr  avia-builder-el-last '><div class='avia-promocontent'><\/p>\n<p style=\"text-align: center;\">Sie haben Fragen zu angebotenen Produkten oder Services? Kontaktieren Sie uns unter<\/p>\n<p style=\"text-align: center;\">info@schmidt-energiesysteme.de oder telefonisch 0 59 57-88 96 45<\/p>\n<p>\n<\/div><div  class='avia-button-wrap av-38j9r6-79d3d467667be6eed4390974bf0d6530-wrap avia-button-right '><a href='https:\/\/schmidt-energiesysteme.de\/index.php\/kontakt\/'  class='avia-button av-38j9r6-79d3d467667be6eed4390974bf0d6530 avia-icon_select-no avia-size-large avia-position-right avia-color-theme-color'  ><span class='avia_iconbox_title' >Kontakt<\/span><\/a><\/div><\/div>\n","protected":false},"excerpt":{"rendered":"","protected":false},"author":1,"featured_media":0,"parent":0,"menu_order":0,"comment_status":"closed","ping_status":"closed","template":"","meta":[],"_links":{"self":[{"href":"https:\/\/schmidt-energiesysteme.de\/index.php\/wp-json\/wp\/v2\/pages\/4562"}],"collection":[{"href":"https:\/\/schmidt-energiesysteme.de\/index.php\/wp-json\/wp\/v2\/pages"}],"about":[{"href":"https:\/\/schmidt-energiesysteme.de\/index.php\/wp-json\/wp\/v2\/types\/page"}],"author":[{"embeddable":true,"href":"https:\/\/schmidt-energiesysteme.de\/index.php\/wp-json\/wp\/v2\/users\/1"}],"replies":[{"embeddable":true,"href":"https:\/\/schmidt-energiesysteme.de\/index.php\/wp-json\/wp\/v2\/comments?post=4562"}],"version-history":[{"count":23,"href":"https:\/\/schmidt-energiesysteme.de\/index.php\/wp-json\/wp\/v2\/pages\/4562\/revisions"}],"predecessor-version":[{"id":5063,"href":"https:\/\/schmidt-energiesysteme.de\/index.php\/wp-json\/wp\/v2\/pages\/4562\/revisions\/5063"}],"wp:attachment":[{"href":"https:\/\/schmidt-energiesysteme.de\/index.php\/wp-json\/wp\/v2\/media?parent=4562"}],"curies":[{"name":"wp","href":"https:\/\/api.w.org\/{rel}","templated":true}]}}